{"id":2337,"date":"2026-02-04T09:42:35","date_gmt":"2026-02-04T08:42:35","guid":{"rendered":"https:\/\/www.haus-ferdinand.de\/croon-suite\/"},"modified":"2026-02-23T10:26:37","modified_gmt":"2026-02-23T09:26:37","slug":"zimmer-1","status":"publish","type":"page","link":"https:\/\/www.haus-ferdinand.de\/fr\/zimmer-1\/","title":{"rendered":"Zimmer 1"},"content":{"rendered":"<div   class='avia-fullscreen-slider main_color   avia-builder-el-0  el_before_av_section  avia-builder-el-first  container_wrap sidebar_right'  >\n<style type=\"text\/css\" data-created_by=\"avia_inline_auto\" id=\"style-css-av-mlyz4o0v-a4dc96339817c1d43b7bc5e2c4e78ef1\">\n#top #wrap_all .avia-slideshow .av-slideshow-caption.av-mlyz4o0v-a4dc96339817c1d43b7bc5e2c4e78ef1__0 .avia-caption-title{\nfont-size:44px;\n}\n#top .avia-slideshow .av-slideshow-caption.av-mlyz4o0v-a4dc96339817c1d43b7bc5e2c4e78ef1__0 .avia-caption-content{\nfont-size:24px;\n}\n#top .avia-slideshow .av-slideshow-caption.av-mlyz4o0v-a4dc96339817c1d43b7bc5e2c4e78ef1__0 .avia-caption-content p{\nfont-size:24px;\n}\n<\/style>\n<a href='#next-section' title='' class='scroll-down-link av-control-minimal avia-svg-icon avia-font-svg_entypo-fontello' data-av_svg_icon='down-open-mini' data-av_iconset='svg_entypo-fontello'><svg version=\"1.1\" xmlns=\"http:\/\/www.w3.org\/2000\/svg\" width=\"15\" height=\"32\" viewBox=\"0 0 15 32\" preserveAspectRatio=\"xMidYMid meet\" aria-labelledby='av-svg-title-1' aria-describedby='av-svg-desc-1' role=\"graphics-symbol\" aria-hidden=\"true\">\n<title id='av-svg-title-1'>Scroller vers la prochaine section<\/title>\n<desc id='av-svg-desc-1'>Scroller vers la prochaine section<\/desc>\n<path d=\"M12.96 12.16q0.704-0.832 1.536 0 0.832 0.704 0 1.536l-6.272 6.144q-0.704 0.704-1.536 0l-6.272-6.144q-0.832-0.832 0-1.536 0.768-0.768 1.6 0l5.44 4.992z\"><\/path>\n<\/svg><\/a><div  class='avia-slideshow av-mlyz4o0v-a4dc96339817c1d43b7bc5e2c4e78ef1 avia-slideshow-2048x2048 av_fullscreen avia-fade-slider av-slideshow-ui av-control-minimal av-no-slider-navigation av-slideshow-autoplay av-loop-endless av-loop-manual-endless av-slider-scroll-down-active av-default-height-applied   avia-slideshow-1' data-slideshow-options=\"{&quot;animation&quot;:&quot;fade&quot;,&quot;autoplay&quot;:true,&quot;loop_autoplay&quot;:&quot;endless&quot;,&quot;interval&quot;:5,&quot;loop_manual&quot;:&quot;manual-endless&quot;,&quot;autoplay_stopper&quot;:false,&quot;noNavigation&quot;:false,&quot;bg_slider&quot;:true,&quot;keep_padding&quot;:false,&quot;hoverpause&quot;:false,&quot;show_slide_delay&quot;:0,&quot;slide_height&quot;:&quot;100&quot;,&quot;image_attachment&quot;:&quot;&quot;}\"  itemprop=\"image\" itemscope=\"itemscope\" itemtype=\"https:\/\/schema.org\/ImageObject\" ><ul class='avia-slideshow-inner ' style='padding-bottom: 40%;'><li style='background-position:center center;' data-img-url='https:\/\/www.haus-ferdinand.de\/wp-content\/uploads\/2026\/02\/Haus-Ferdinand-Titelbild-0825-1.jpg' class='avia-slideshow-slide av-mlyz4o0v-a4dc96339817c1d43b7bc5e2c4e78ef1__0  av-single-slide slide-1 slide-odd'><div data-rel='slideshow-1' class='avia-slide-wrap '   ><\/div><\/li><\/ul><div class='av-slideshow-caption av-mlyz4o0v-a4dc96339817c1d43b7bc5e2c4e78ef1__0 caption_fullwidth caption_center caption_center_framed caption_framed'><div class=\"container caption_container\"><div class=\"slideshow_caption\"><div class=\"slideshow_inner_caption\"><div class=\"slideshow_align_caption\"><h2 class='avia-caption-title '  itemprop=\"name\" >Haus Ferdinand - Zimmer 1<\/h2><\/div><\/div><\/div><\/div><\/div><\/div><\/div>\n<div id='zimmerblock'  class='avia-section av-av_section-06eb215487d3aacf1e2a286895e967c1 main_color avia-section-large avia-no-border-styling  avia-builder-el-1  el_after_av_fullscreen  el_before_av_one_full  avia-bg-style-scroll container_wrap sidebar_right'  ><div class='container av-section-cont-open' ><div class='template-page content  av-content-small alpha units'><div class='post-entry post-entry-type-page post-entry-2337'><div class='entry-content-wrapper clearfix'>\n<div  id=\"ZimmerTitel\"  class='flex_column av-av_one_full-0653ac2ef57a26ccbef166c0fc42e9b7 av_one_full  avia-builder-el-2  el_before_av_two_third  avia-builder-el-first  first flex_column_div  '     ><style type=\"text\/css\" data-created_by=\"avia_inline_auto\" id=\"style-css-av-av_heading-9b27de7759518c64749c77d6663c1850\">\n#top .av-special-heading.av-av_heading-9b27de7759518c64749c77d6663c1850{\npadding-bottom:0;\nfont-size:44px;\n}\nbody .av-special-heading.av-av_heading-9b27de7759518c64749c77d6663c1850 .av-special-heading-tag .heading-char{\nfont-size:25px;\n}\n#top #wrap_all .av-special-heading.av-av_heading-9b27de7759518c64749c77d6663c1850 .av-special-heading-tag{\nfont-size:44px;\n}\n.av-special-heading.av-av_heading-9b27de7759518c64749c77d6663c1850 .av-subheading{\nfont-size:15px;\n}\n\n@media only screen and (min-width: 480px) and (max-width: 767px){ \n#top #wrap_all .av-special-heading.av-av_heading-9b27de7759518c64749c77d6663c1850 .av-special-heading-tag{\nfont-size:0.8em;\n}\n}\n\n@media only screen and (max-width: 479px){ \n#top #wrap_all .av-special-heading.av-av_heading-9b27de7759518c64749c77d6663c1850 .av-special-heading-tag{\nfont-size:0.8em;\n}\n}\n<\/style>\n<div  id=\"ZimmerTitel\"  class='av-special-heading av-av_heading-9b27de7759518c64749c77d6663c1850 av-special-heading-h2 blockquote modern-quote  avia-builder-el-3  avia-builder-el-no-sibling  av-inherit-size'><h2 class='av-special-heading-tag '  itemprop=\"headline\"  >ZIMMER 1<\/h2><div class=\"special-heading-border\"><div class=\"special-heading-inner-border\"><\/div><\/div><\/div><\/div><div  class='flex_column av-av_two_third-a2cef933b0a555f25d1e39b22a8e9dae av_two_third  avia-builder-el-4  el_after_av_one_full  el_before_av_one_third  first flex_column_div  column-top-margin'     ><style type=\"text\/css\" data-created_by=\"avia_inline_auto\" id=\"style-css-av-mlyyyz9e-9aef06cd4492f5f8faab2500927a563f\">\n#top .av_textblock_section.av-mlyyyz9e-9aef06cd4492f5f8faab2500927a563f .avia_textblock{\nfont-size:18px;\n}\n<\/style>\n<section  class='av_textblock_section av-mlyyyz9e-9aef06cd4492f5f8faab2500927a563f '   itemscope=\"itemscope\" itemtype=\"https:\/\/schema.org\/CreativeWork\" ><div class='avia_textblock'  itemprop=\"text\" ><p>Bienvenue dans la confortable chambre double \u00ab ZIMMER 1 \u00bb au sein de notre petite mais charmante maison \u00ab Haus Ferdinand \u00bb, au c\u0153ur de Monschau. Cette chambre accueillante est situ\u00e9e au premier \u00e9tage \u00e0 gauche und offre tout ce dont vous avez besoin pour un s\u00e9jour agr\u00e9able.<\/p>\n<p>Bien que la \u00ab ZIMMER 1 \u00bb ne dispose pas de sa propre cuisine, notre cuisine commune au rez-de-chauss\u00e9e propose des \u00e9quipements pratiques tels qu&#8217;une machine \u00e0 caf\u00e9 enti\u00e8rement automatique, un micro-ondes, un r\u00e9frig\u00e9rateur, une bouilloire, ainsi que de la vaisselle, des couverts, des tasses et des verres. Cela vous permet de pr\u00e9parer un petit repas ou un caf\u00e9 chaud \u00e0 tout moment. Le petit-d\u00e9jeuner est \u00e9galement servi tous les jours entre 8h30 et 10h00 dans notre salle de petit-d\u00e9jeuner, \u00e9galement situ\u00e9e au rez-de-chauss\u00e9e.<\/p>\n<p>Le charme particulier de cette chambre r\u00e9side dans l&#8217;int\u00e9gration harmonieuse d&#8217;un style moderne dans un cadre historique. Les couleurs chaudes de la d\u00e9coration et du design compl\u00e8tent le mobilier moderne et \u00e9l\u00e9gant, donnant \u00e0 la pi\u00e8ce une atmosph\u00e8re chaleureuse et invitante. Le lit boxspring moderne garantit des nuits reposantes, tandis que la Smart TV et la salle de bain moderne vous invitent \u00e0 la d\u00e9tente. Ici, vous pouvez laisser derri\u00e8re vous le stress de la vie quotidienne et profiter de la beaut\u00e9 du cadre historique et de la nature.<\/p>\n<p>Gr\u00e2ce \u00e0 son emplacement central dans le centre-ville historique de Monschau, de nombreuses attractions, restaurants et boutiques sont facilement accessibles \u00e0 pied. Profitez de la vieille ville pittoresque, de la belle nature de la r\u00e9gion de l&#8217;Eifel et des nombreuses possibilit\u00e9s de loisirs aux alentours.<\/p>\n<p>Nous nous r\u00e9jouissons de vous accueillir \u00e0 la \u00ab ZIMMER 1 \u00bb et vous souhaitons un s\u00e9jour inoubliable \u00e0 Monschau.<\/p>\n<\/div><\/section><\/div><div  id=\"featureSpalte\"  class='flex_column av-av_one_third-6490cca54abb3bd07c49c3ac2b9f5a6c av_one_third  avia-builder-el-6  el_after_av_two_third  el_before_av_gallery  flex_column_div  column-top-margin'     ><section  id=\"mein-ferienhaus-kasten\"  class='av_textblock_section av-mlyyzgh2-9a577b8e83ad0ba7be41f1a878485925 '   itemscope=\"itemscope\" itemtype=\"https:\/\/schema.org\/CreativeWork\" ><div class='avia_textblock'  itemprop=\"text\" ><div class=\"feha-container\">\n<h2 class=\"feha-titel\">ZIMMER 1 \u2013 Vos avantages<\/h2>\n<div class=\"feha-zeile\">\ud83c\udfe2\u00a0\u00a0\u00a01er \u00e9tage<\/div>\n<div class=\"feha-zeile\">\ud83c\udfde\ufe0f\u00a0\u00a0\u00a0Vue magnifique sur la vieille ville de Monschau<\/div>\n<div class=\"feha-zeile\">\ud83c\udf73\u00a0\u00a0\u00a0cuisine commune enti\u00e8rement \u00e9quip\u00e9e<\/div>\n<div class=\"feha-zeile\">\ud83d\udecc\u00a0\u00a0\u00a0Dormir dans un lit double moderne<\/div>\n<div class=\"feha-trenner\"><\/div>\n<div class=\"feha-zeile\">\ud83d\udcfa\u00a0\u00a0\u00a0TV satellite sur grand \u00e9cran plat Smart TV<\/div>\n<div class=\"feha-zeile\">\ud83c\udfac\u00a0\u00a0\u00a0Abonnement Netflix<\/div>\n<div class=\"feha-zeile\">\ud83d\udd25\u00a0\u00a0\u00a0chauffage moderne<\/div>\n<div class=\"feha-zeile\">\ud83d\udebf\u00a0\u00a0\u00a0Salle de bain avec douche, WC, s\u00e8che-cheveux<\/div>\n<div class=\"feha-zeile\">\ud83e\uddfa\u00a0\u00a0\u00a0Linge de lit, serviettes, shampooing\/gel douche<\/div>\n<div class=\"feha-trenner\"><\/div>\n<div class=\"feha-zeile\">\ud83d\udc15\u00a0\u00a0\u00a0Chiens bienvenus<\/div>\n<div class=\"feha-zeile\">\ud83c\udf10\u00a0\u00a0\u00a0WLAN gratuit !<\/div>\n<\/div>\n<\/div><\/section><\/div>\n<style type=\"text\/css\" data-created_by=\"avia_inline_auto\" id=\"style-css-av-av_gallery-9c7fdca759002199fb0ab679fbf375b1\">\n#top .avia-gallery.av-av_gallery-9c7fdca759002199fb0ab679fbf375b1 .avia-gallery-thumb a{\nwidth:20%;\n}\n<\/style>\n<div  class='avia-gallery av-av_gallery-9c7fdca759002199fb0ab679fbf375b1 avia_animate_when_visible  avia-builder-el-8  el_after_av_one_third  el_before_av_hr  wohnungs-galerie avia_lazyload avia-gallery-animate avia-gallery-1'  itemprop=\"image\" itemscope=\"itemscope\" itemtype=\"https:\/\/schema.org\/ImageObject\" ><meta itemprop=\"contentURL\" content=\"https:\/\/www.haus-ferdinand.de\/fr\/zimmer-1\/\"><div class='avia-gallery-thumb'><a href=\"https:\/\/www.haus-ferdinand.de\/wp-content\/uploads\/2026\/02\/Haus-Ferdinand-Monschau-Fewo-Zimmer1-001-1030x776.jpg\" data-srcset=\"https:\/\/www.haus-ferdinand.de\/wp-content\/uploads\/2026\/02\/Haus-Ferdinand-Monschau-Fewo-Zimmer1-001-1030x776.jpg 1030w, https:\/\/www.haus-ferdinand.de\/wp-content\/uploads\/2026\/02\/Haus-Ferdinand-Monschau-Fewo-Zimmer1-001-300x226.jpg 300w, https:\/\/www.haus-ferdinand.de\/wp-content\/uploads\/2026\/02\/Haus-Ferdinand-Monschau-Fewo-Zimmer1-001-768x578.jpg 768w, https:\/\/www.haus-ferdinand.de\/wp-content\/uploads\/2026\/02\/Haus-Ferdinand-Monschau-Fewo-Zimmer1-001-1536x1157.jpg 1536w, https:\/\/www.haus-ferdinand.de\/wp-content\/uploads\/2026\/02\/Haus-Ferdinand-Monschau-Fewo-Zimmer1-001-2048x1542.jpg 2048w, https:\/\/www.haus-ferdinand.de\/wp-content\/uploads\/2026\/02\/Haus-Ferdinand-Monschau-Fewo-Zimmer1-001-1500x1129.jpg 1500w, https:\/\/www.haus-ferdinand.de\/wp-content\/uploads\/2026\/02\/Haus-Ferdinand-Monschau-Fewo-Zimmer1-001-705x531.jpg 705w\" data-sizes=\"(max-width: 1030px) 100vw, 1030px\" data-rel='gallery-1' data-prev-img='https:\/\/www.haus-ferdinand.de\/wp-content\/uploads\/2026\/02\/Haus-Ferdinand-Monschau-Fewo-Zimmer1-001-495x400.jpg' class='first_thumb lightbox ' data-onclick='1' title='Haus-Ferdinand-Monschau-Fewo-Zimmer1-001'  itemprop=\"thumbnailUrl\"  ><img decoding=\"async\" fetchpriority=\"high\" class=\"wp-image-2815 avia-img-lazy-loading-not-2815\"   src=\"https:\/\/www.haus-ferdinand.de\/wp-content\/uploads\/2026\/02\/Haus-Ferdinand-Monschau-Fewo-Zimmer1-001-1030x776.jpg\" width=\"1030\" height=\"776\"  title='Haus-Ferdinand-Monschau-Fewo-Zimmer1-001' alt='' srcset=\"https:\/\/www.haus-ferdinand.de\/wp-content\/uploads\/2026\/02\/Haus-Ferdinand-Monschau-Fewo-Zimmer1-001-1030x776.jpg 1030w, https:\/\/www.haus-ferdinand.de\/wp-content\/uploads\/2026\/02\/Haus-Ferdinand-Monschau-Fewo-Zimmer1-001-300x226.jpg 300w, https:\/\/www.haus-ferdinand.de\/wp-content\/uploads\/2026\/02\/Haus-Ferdinand-Monschau-Fewo-Zimmer1-001-768x578.jpg 768w, https:\/\/www.haus-ferdinand.de\/wp-content\/uploads\/2026\/02\/Haus-Ferdinand-Monschau-Fewo-Zimmer1-001-1536x1157.jpg 1536w, https:\/\/www.haus-ferdinand.de\/wp-content\/uploads\/2026\/02\/Haus-Ferdinand-Monschau-Fewo-Zimmer1-001-2048x1542.jpg 2048w, https:\/\/www.haus-ferdinand.de\/wp-content\/uploads\/2026\/02\/Haus-Ferdinand-Monschau-Fewo-Zimmer1-001-1500x1129.jpg 1500w, https:\/\/www.haus-ferdinand.de\/wp-content\/uploads\/2026\/02\/Haus-Ferdinand-Monschau-Fewo-Zimmer1-001-705x531.jpg 705w\" sizes=\"(max-width: 1030px) 100vw, 1030px\" \/><div class='big-prev-fake'><img decoding=\"async\" loading=\"lazy\" class=\"wp-image-2815 avia-img-lazy-loading-2815\"  width=\"495\" height=\"400\" src=\"https:\/\/www.haus-ferdinand.de\/wp-content\/uploads\/2026\/02\/Haus-Ferdinand-Monschau-Fewo-Zimmer1-001-495x400.jpg\" title='Haus-Ferdinand-Monschau-Fewo-Zimmer1-001' alt='' srcset=\"https:\/\/www.haus-ferdinand.de\/wp-content\/uploads\/2026\/02\/Haus-Ferdinand-Monschau-Fewo-Zimmer1-001-495x400.jpg 495w, https:\/\/www.haus-ferdinand.de\/wp-content\/uploads\/2026\/02\/Haus-Ferdinand-Monschau-Fewo-Zimmer1-001-845x684.jpg 845w\" sizes=\"auto, (max-width: 495px) 100vw, 495px\" \/><\/div><\/a><a href=\"https:\/\/www.haus-ferdinand.de\/wp-content\/uploads\/2026\/02\/Haus-Ferdinand-Monschau-Fewo-Zimmer1-002-1030x776.jpg\" data-srcset=\"https:\/\/www.haus-ferdinand.de\/wp-content\/uploads\/2026\/02\/Haus-Ferdinand-Monschau-Fewo-Zimmer1-002-1030x776.jpg 1030w, https:\/\/www.haus-ferdinand.de\/wp-content\/uploads\/2026\/02\/Haus-Ferdinand-Monschau-Fewo-Zimmer1-002-300x226.jpg 300w, https:\/\/www.haus-ferdinand.de\/wp-content\/uploads\/2026\/02\/Haus-Ferdinand-Monschau-Fewo-Zimmer1-002-768x578.jpg 768w, https:\/\/www.haus-ferdinand.de\/wp-content\/uploads\/2026\/02\/Haus-Ferdinand-Monschau-Fewo-Zimmer1-002-1536x1157.jpg 1536w, https:\/\/www.haus-ferdinand.de\/wp-content\/uploads\/2026\/02\/Haus-Ferdinand-Monschau-Fewo-Zimmer1-002-2048x1542.jpg 2048w, https:\/\/www.haus-ferdinand.de\/wp-content\/uploads\/2026\/02\/Haus-Ferdinand-Monschau-Fewo-Zimmer1-002-1500x1129.jpg 1500w, https:\/\/www.haus-ferdinand.de\/wp-content\/uploads\/2026\/02\/Haus-Ferdinand-Monschau-Fewo-Zimmer1-002-705x531.jpg 705w\" data-sizes=\"(max-width: 1030px) 100vw, 1030px\" data-rel='gallery-1' data-prev-img='https:\/\/www.haus-ferdinand.de\/wp-content\/uploads\/2026\/02\/Haus-Ferdinand-Monschau-Fewo-Zimmer1-002-495x400.jpg' class='lightbox ' data-onclick='2' title='Haus-Ferdinand-Monschau-Fewo-Zimmer1-002'  itemprop=\"thumbnailUrl\"  ><img decoding=\"async\" fetchpriority=\"high\" class=\"wp-image-2816 avia-img-lazy-loading-not-2816\"   src=\"https:\/\/www.haus-ferdinand.de\/wp-content\/uploads\/2026\/02\/Haus-Ferdinand-Monschau-Fewo-Zimmer1-002-1030x776.jpg\" width=\"1030\" height=\"776\"  title='Haus-Ferdinand-Monschau-Fewo-Zimmer1-002' alt='' srcset=\"https:\/\/www.haus-ferdinand.de\/wp-content\/uploads\/2026\/02\/Haus-Ferdinand-Monschau-Fewo-Zimmer1-002-1030x776.jpg 1030w, https:\/\/www.haus-ferdinand.de\/wp-content\/uploads\/2026\/02\/Haus-Ferdinand-Monschau-Fewo-Zimmer1-002-300x226.jpg 300w, https:\/\/www.haus-ferdinand.de\/wp-content\/uploads\/2026\/02\/Haus-Ferdinand-Monschau-Fewo-Zimmer1-002-768x578.jpg 768w, https:\/\/www.haus-ferdinand.de\/wp-content\/uploads\/2026\/02\/Haus-Ferdinand-Monschau-Fewo-Zimmer1-002-1536x1157.jpg 1536w, https:\/\/www.haus-ferdinand.de\/wp-content\/uploads\/2026\/02\/Haus-Ferdinand-Monschau-Fewo-Zimmer1-002-2048x1542.jpg 2048w, https:\/\/www.haus-ferdinand.de\/wp-content\/uploads\/2026\/02\/Haus-Ferdinand-Monschau-Fewo-Zimmer1-002-1500x1129.jpg 1500w, https:\/\/www.haus-ferdinand.de\/wp-content\/uploads\/2026\/02\/Haus-Ferdinand-Monschau-Fewo-Zimmer1-002-705x531.jpg 705w\" sizes=\"(max-width: 1030px) 100vw, 1030px\" \/><div class='big-prev-fake'><img decoding=\"async\" loading=\"lazy\" class=\"wp-image-2816 avia-img-lazy-loading-2816\"  width=\"495\" height=\"400\" src=\"https:\/\/www.haus-ferdinand.de\/wp-content\/uploads\/2026\/02\/Haus-Ferdinand-Monschau-Fewo-Zimmer1-002-495x400.jpg\" title='Haus-Ferdinand-Monschau-Fewo-Zimmer1-002' alt='' srcset=\"https:\/\/www.haus-ferdinand.de\/wp-content\/uploads\/2026\/02\/Haus-Ferdinand-Monschau-Fewo-Zimmer1-002-495x400.jpg 495w, https:\/\/www.haus-ferdinand.de\/wp-content\/uploads\/2026\/02\/Haus-Ferdinand-Monschau-Fewo-Zimmer1-002-845x684.jpg 845w\" sizes=\"auto, (max-width: 495px) 100vw, 495px\" \/><\/div><\/a><a href=\"https:\/\/www.haus-ferdinand.de\/wp-content\/uploads\/2026\/02\/Haus-Ferdinand-Monschau-Fewo-Zimmer1-003-1030x776.jpg\" data-srcset=\"https:\/\/www.haus-ferdinand.de\/wp-content\/uploads\/2026\/02\/Haus-Ferdinand-Monschau-Fewo-Zimmer1-003-1030x776.jpg 1030w, https:\/\/www.haus-ferdinand.de\/wp-content\/uploads\/2026\/02\/Haus-Ferdinand-Monschau-Fewo-Zimmer1-003-300x226.jpg 300w, https:\/\/www.haus-ferdinand.de\/wp-content\/uploads\/2026\/02\/Haus-Ferdinand-Monschau-Fewo-Zimmer1-003-768x578.jpg 768w, https:\/\/www.haus-ferdinand.de\/wp-content\/uploads\/2026\/02\/Haus-Ferdinand-Monschau-Fewo-Zimmer1-003-1536x1157.jpg 1536w, https:\/\/www.haus-ferdinand.de\/wp-content\/uploads\/2026\/02\/Haus-Ferdinand-Monschau-Fewo-Zimmer1-003-2048x1542.jpg 2048w, https:\/\/www.haus-ferdinand.de\/wp-content\/uploads\/2026\/02\/Haus-Ferdinand-Monschau-Fewo-Zimmer1-003-1500x1129.jpg 1500w, https:\/\/www.haus-ferdinand.de\/wp-content\/uploads\/2026\/02\/Haus-Ferdinand-Monschau-Fewo-Zimmer1-003-705x531.jpg 705w\" data-sizes=\"(max-width: 1030px) 100vw, 1030px\" data-rel='gallery-1' data-prev-img='https:\/\/www.haus-ferdinand.de\/wp-content\/uploads\/2026\/02\/Haus-Ferdinand-Monschau-Fewo-Zimmer1-003-495x400.jpg' class='lightbox ' data-onclick='3' title='Haus-Ferdinand-Monschau-Fewo-Zimmer1-003'  itemprop=\"thumbnailUrl\"  ><img decoding=\"async\" fetchpriority=\"high\" class=\"wp-image-2817 avia-img-lazy-loading-not-2817\"   src=\"https:\/\/www.haus-ferdinand.de\/wp-content\/uploads\/2026\/02\/Haus-Ferdinand-Monschau-Fewo-Zimmer1-003-1030x776.jpg\" width=\"1030\" height=\"776\"  title='Haus-Ferdinand-Monschau-Fewo-Zimmer1-003' alt='' srcset=\"https:\/\/www.haus-ferdinand.de\/wp-content\/uploads\/2026\/02\/Haus-Ferdinand-Monschau-Fewo-Zimmer1-003-1030x776.jpg 1030w, https:\/\/www.haus-ferdinand.de\/wp-content\/uploads\/2026\/02\/Haus-Ferdinand-Monschau-Fewo-Zimmer1-003-300x226.jpg 300w, https:\/\/www.haus-ferdinand.de\/wp-content\/uploads\/2026\/02\/Haus-Ferdinand-Monschau-Fewo-Zimmer1-003-768x578.jpg 768w, https:\/\/www.haus-ferdinand.de\/wp-content\/uploads\/2026\/02\/Haus-Ferdinand-Monschau-Fewo-Zimmer1-003-1536x1157.jpg 1536w, https:\/\/www.haus-ferdinand.de\/wp-content\/uploads\/2026\/02\/Haus-Ferdinand-Monschau-Fewo-Zimmer1-003-2048x1542.jpg 2048w, https:\/\/www.haus-ferdinand.de\/wp-content\/uploads\/2026\/02\/Haus-Ferdinand-Monschau-Fewo-Zimmer1-003-1500x1129.jpg 1500w, https:\/\/www.haus-ferdinand.de\/wp-content\/uploads\/2026\/02\/Haus-Ferdinand-Monschau-Fewo-Zimmer1-003-705x531.jpg 705w\" sizes=\"(max-width: 1030px) 100vw, 1030px\" \/><div class='big-prev-fake'><img decoding=\"async\" loading=\"lazy\" class=\"wp-image-2817 avia-img-lazy-loading-2817\"  width=\"495\" height=\"400\" src=\"https:\/\/www.haus-ferdinand.de\/wp-content\/uploads\/2026\/02\/Haus-Ferdinand-Monschau-Fewo-Zimmer1-003-495x400.jpg\" title='Haus-Ferdinand-Monschau-Fewo-Zimmer1-003' alt='' srcset=\"https:\/\/www.haus-ferdinand.de\/wp-content\/uploads\/2026\/02\/Haus-Ferdinand-Monschau-Fewo-Zimmer1-003-495x400.jpg 495w, https:\/\/www.haus-ferdinand.de\/wp-content\/uploads\/2026\/02\/Haus-Ferdinand-Monschau-Fewo-Zimmer1-003-845x684.jpg 845w\" sizes=\"auto, (max-width: 495px) 100vw, 495px\" \/><\/div><\/a><a href=\"https:\/\/www.haus-ferdinand.de\/wp-content\/uploads\/2026\/02\/Haus-Ferdinand-Monschau-Fewo-Zimmer1-004-1030x776.jpg\" data-srcset=\"https:\/\/www.haus-ferdinand.de\/wp-content\/uploads\/2026\/02\/Haus-Ferdinand-Monschau-Fewo-Zimmer1-004-1030x776.jpg 1030w, https:\/\/www.haus-ferdinand.de\/wp-content\/uploads\/2026\/02\/Haus-Ferdinand-Monschau-Fewo-Zimmer1-004-300x226.jpg 300w, https:\/\/www.haus-ferdinand.de\/wp-content\/uploads\/2026\/02\/Haus-Ferdinand-Monschau-Fewo-Zimmer1-004-768x578.jpg 768w, https:\/\/www.haus-ferdinand.de\/wp-content\/uploads\/2026\/02\/Haus-Ferdinand-Monschau-Fewo-Zimmer1-004-1536x1157.jpg 1536w, https:\/\/www.haus-ferdinand.de\/wp-content\/uploads\/2026\/02\/Haus-Ferdinand-Monschau-Fewo-Zimmer1-004-2048x1542.jpg 2048w, https:\/\/www.haus-ferdinand.de\/wp-content\/uploads\/2026\/02\/Haus-Ferdinand-Monschau-Fewo-Zimmer1-004-1500x1129.jpg 1500w, https:\/\/www.haus-ferdinand.de\/wp-content\/uploads\/2026\/02\/Haus-Ferdinand-Monschau-Fewo-Zimmer1-004-705x531.jpg 705w\" data-sizes=\"(max-width: 1030px) 100vw, 1030px\" data-rel='gallery-1' data-prev-img='https:\/\/www.haus-ferdinand.de\/wp-content\/uploads\/2026\/02\/Haus-Ferdinand-Monschau-Fewo-Zimmer1-004-495x400.jpg' class='lightbox ' data-onclick='4' title='Haus-Ferdinand-Monschau-Fewo-Zimmer1-004'  itemprop=\"thumbnailUrl\"  ><img decoding=\"async\" fetchpriority=\"high\" class=\"wp-image-2818 avia-img-lazy-loading-not-2818\"   src=\"https:\/\/www.haus-ferdinand.de\/wp-content\/uploads\/2026\/02\/Haus-Ferdinand-Monschau-Fewo-Zimmer1-004-1030x776.jpg\" width=\"1030\" height=\"776\"  title='Haus-Ferdinand-Monschau-Fewo-Zimmer1-004' alt='' srcset=\"https:\/\/www.haus-ferdinand.de\/wp-content\/uploads\/2026\/02\/Haus-Ferdinand-Monschau-Fewo-Zimmer1-004-1030x776.jpg 1030w, https:\/\/www.haus-ferdinand.de\/wp-content\/uploads\/2026\/02\/Haus-Ferdinand-Monschau-Fewo-Zimmer1-004-300x226.jpg 300w, https:\/\/www.haus-ferdinand.de\/wp-content\/uploads\/2026\/02\/Haus-Ferdinand-Monschau-Fewo-Zimmer1-004-768x578.jpg 768w, https:\/\/www.haus-ferdinand.de\/wp-content\/uploads\/2026\/02\/Haus-Ferdinand-Monschau-Fewo-Zimmer1-004-1536x1157.jpg 1536w, https:\/\/www.haus-ferdinand.de\/wp-content\/uploads\/2026\/02\/Haus-Ferdinand-Monschau-Fewo-Zimmer1-004-2048x1542.jpg 2048w, https:\/\/www.haus-ferdinand.de\/wp-content\/uploads\/2026\/02\/Haus-Ferdinand-Monschau-Fewo-Zimmer1-004-1500x1129.jpg 1500w, https:\/\/www.haus-ferdinand.de\/wp-content\/uploads\/2026\/02\/Haus-Ferdinand-Monschau-Fewo-Zimmer1-004-705x531.jpg 705w\" sizes=\"(max-width: 1030px) 100vw, 1030px\" \/><div class='big-prev-fake'><img decoding=\"async\" loading=\"lazy\" class=\"wp-image-2818 avia-img-lazy-loading-2818\"  width=\"495\" height=\"400\" src=\"https:\/\/www.haus-ferdinand.de\/wp-content\/uploads\/2026\/02\/Haus-Ferdinand-Monschau-Fewo-Zimmer1-004-495x400.jpg\" title='Haus-Ferdinand-Monschau-Fewo-Zimmer1-004' alt='' srcset=\"https:\/\/www.haus-ferdinand.de\/wp-content\/uploads\/2026\/02\/Haus-Ferdinand-Monschau-Fewo-Zimmer1-004-495x400.jpg 495w, https:\/\/www.haus-ferdinand.de\/wp-content\/uploads\/2026\/02\/Haus-Ferdinand-Monschau-Fewo-Zimmer1-004-845x684.jpg 845w\" sizes=\"auto, (max-width: 495px) 100vw, 495px\" \/><\/div><\/a><a href=\"https:\/\/www.haus-ferdinand.de\/wp-content\/uploads\/2026\/02\/Haus-Ferdinand-Monschau-Fewo-Zimmer1-005-1030x776.jpg\" data-srcset=\"https:\/\/www.haus-ferdinand.de\/wp-content\/uploads\/2026\/02\/Haus-Ferdinand-Monschau-Fewo-Zimmer1-005-1030x776.jpg 1030w, https:\/\/www.haus-ferdinand.de\/wp-content\/uploads\/2026\/02\/Haus-Ferdinand-Monschau-Fewo-Zimmer1-005-300x226.jpg 300w, https:\/\/www.haus-ferdinand.de\/wp-content\/uploads\/2026\/02\/Haus-Ferdinand-Monschau-Fewo-Zimmer1-005-768x578.jpg 768w, https:\/\/www.haus-ferdinand.de\/wp-content\/uploads\/2026\/02\/Haus-Ferdinand-Monschau-Fewo-Zimmer1-005-1536x1157.jpg 1536w, https:\/\/www.haus-ferdinand.de\/wp-content\/uploads\/2026\/02\/Haus-Ferdinand-Monschau-Fewo-Zimmer1-005-2048x1542.jpg 2048w, https:\/\/www.haus-ferdinand.de\/wp-content\/uploads\/2026\/02\/Haus-Ferdinand-Monschau-Fewo-Zimmer1-005-1500x1129.jpg 1500w, https:\/\/www.haus-ferdinand.de\/wp-content\/uploads\/2026\/02\/Haus-Ferdinand-Monschau-Fewo-Zimmer1-005-705x531.jpg 705w\" data-sizes=\"(max-width: 1030px) 100vw, 1030px\" data-rel='gallery-1' data-prev-img='https:\/\/www.haus-ferdinand.de\/wp-content\/uploads\/2026\/02\/Haus-Ferdinand-Monschau-Fewo-Zimmer1-005-495x400.jpg' class='lightbox ' data-onclick='5' title='Haus-Ferdinand-Monschau-Fewo-Zimmer1-005'  itemprop=\"thumbnailUrl\"  ><img decoding=\"async\" fetchpriority=\"high\" class=\"wp-image-2819 avia-img-lazy-loading-not-2819\"   src=\"https:\/\/www.haus-ferdinand.de\/wp-content\/uploads\/2026\/02\/Haus-Ferdinand-Monschau-Fewo-Zimmer1-005-1030x776.jpg\" width=\"1030\" height=\"776\"  title='Haus-Ferdinand-Monschau-Fewo-Zimmer1-005' alt='' srcset=\"https:\/\/www.haus-ferdinand.de\/wp-content\/uploads\/2026\/02\/Haus-Ferdinand-Monschau-Fewo-Zimmer1-005-1030x776.jpg 1030w, https:\/\/www.haus-ferdinand.de\/wp-content\/uploads\/2026\/02\/Haus-Ferdinand-Monschau-Fewo-Zimmer1-005-300x226.jpg 300w, https:\/\/www.haus-ferdinand.de\/wp-content\/uploads\/2026\/02\/Haus-Ferdinand-Monschau-Fewo-Zimmer1-005-768x578.jpg 768w, https:\/\/www.haus-ferdinand.de\/wp-content\/uploads\/2026\/02\/Haus-Ferdinand-Monschau-Fewo-Zimmer1-005-1536x1157.jpg 1536w, https:\/\/www.haus-ferdinand.de\/wp-content\/uploads\/2026\/02\/Haus-Ferdinand-Monschau-Fewo-Zimmer1-005-2048x1542.jpg 2048w, https:\/\/www.haus-ferdinand.de\/wp-content\/uploads\/2026\/02\/Haus-Ferdinand-Monschau-Fewo-Zimmer1-005-1500x1129.jpg 1500w, https:\/\/www.haus-ferdinand.de\/wp-content\/uploads\/2026\/02\/Haus-Ferdinand-Monschau-Fewo-Zimmer1-005-705x531.jpg 705w\" sizes=\"(max-width: 1030px) 100vw, 1030px\" \/><div class='big-prev-fake'><img decoding=\"async\" loading=\"lazy\" class=\"wp-image-2819 avia-img-lazy-loading-2819\"  width=\"495\" height=\"400\" src=\"https:\/\/www.haus-ferdinand.de\/wp-content\/uploads\/2026\/02\/Haus-Ferdinand-Monschau-Fewo-Zimmer1-005-495x400.jpg\" title='Haus-Ferdinand-Monschau-Fewo-Zimmer1-005' alt='' srcset=\"https:\/\/www.haus-ferdinand.de\/wp-content\/uploads\/2026\/02\/Haus-Ferdinand-Monschau-Fewo-Zimmer1-005-495x400.jpg 495w, https:\/\/www.haus-ferdinand.de\/wp-content\/uploads\/2026\/02\/Haus-Ferdinand-Monschau-Fewo-Zimmer1-005-845x684.jpg 845w\" sizes=\"auto, (max-width: 495px) 100vw, 495px\" \/><\/div><\/a><a href=\"https:\/\/www.haus-ferdinand.de\/wp-content\/uploads\/2026\/02\/Haus-Ferdinand-Monschau-Fewo-Zimmer1-006-776x1030.jpg\" data-srcset=\"https:\/\/www.haus-ferdinand.de\/wp-content\/uploads\/2026\/02\/Haus-Ferdinand-Monschau-Fewo-Zimmer1-006-776x1030.jpg 776w, https:\/\/www.haus-ferdinand.de\/wp-content\/uploads\/2026\/02\/Haus-Ferdinand-Monschau-Fewo-Zimmer1-006-226x300.jpg 226w, https:\/\/www.haus-ferdinand.de\/wp-content\/uploads\/2026\/02\/Haus-Ferdinand-Monschau-Fewo-Zimmer1-006-768x1020.jpg 768w, https:\/\/www.haus-ferdinand.de\/wp-content\/uploads\/2026\/02\/Haus-Ferdinand-Monschau-Fewo-Zimmer1-006-1157x1536.jpg 1157w, https:\/\/www.haus-ferdinand.de\/wp-content\/uploads\/2026\/02\/Haus-Ferdinand-Monschau-Fewo-Zimmer1-006-1542x2048.jpg 1542w, https:\/\/www.haus-ferdinand.de\/wp-content\/uploads\/2026\/02\/Haus-Ferdinand-Monschau-Fewo-Zimmer1-006-1129x1500.jpg 1129w, https:\/\/www.haus-ferdinand.de\/wp-content\/uploads\/2026\/02\/Haus-Ferdinand-Monschau-Fewo-Zimmer1-006-531x705.jpg 531w, https:\/\/www.haus-ferdinand.de\/wp-content\/uploads\/2026\/02\/Haus-Ferdinand-Monschau-Fewo-Zimmer1-006-scaled.jpg 1928w\" data-sizes=\"(max-width: 776px) 100vw, 776px\" data-rel='gallery-1' data-prev-img='https:\/\/www.haus-ferdinand.de\/wp-content\/uploads\/2026\/02\/Haus-Ferdinand-Monschau-Fewo-Zimmer1-006-495x400.jpg' class='first_thumb lightbox ' data-onclick='6' title='Haus-Ferdinand-Monschau-Fewo-Zimmer1-006'  itemprop=\"thumbnailUrl\"  ><img decoding=\"async\" fetchpriority=\"high\" class=\"wp-image-2820 avia-img-lazy-loading-not-2820\"   src=\"https:\/\/www.haus-ferdinand.de\/wp-content\/uploads\/2026\/02\/Haus-Ferdinand-Monschau-Fewo-Zimmer1-006-776x1030.jpg\" width=\"776\" height=\"1030\"  title='Haus-Ferdinand-Monschau-Fewo-Zimmer1-006' alt='' srcset=\"https:\/\/www.haus-ferdinand.de\/wp-content\/uploads\/2026\/02\/Haus-Ferdinand-Monschau-Fewo-Zimmer1-006-776x1030.jpg 776w, https:\/\/www.haus-ferdinand.de\/wp-content\/uploads\/2026\/02\/Haus-Ferdinand-Monschau-Fewo-Zimmer1-006-226x300.jpg 226w, https:\/\/www.haus-ferdinand.de\/wp-content\/uploads\/2026\/02\/Haus-Ferdinand-Monschau-Fewo-Zimmer1-006-768x1020.jpg 768w, https:\/\/www.haus-ferdinand.de\/wp-content\/uploads\/2026\/02\/Haus-Ferdinand-Monschau-Fewo-Zimmer1-006-1157x1536.jpg 1157w, https:\/\/www.haus-ferdinand.de\/wp-content\/uploads\/2026\/02\/Haus-Ferdinand-Monschau-Fewo-Zimmer1-006-1542x2048.jpg 1542w, https:\/\/www.haus-ferdinand.de\/wp-content\/uploads\/2026\/02\/Haus-Ferdinand-Monschau-Fewo-Zimmer1-006-1129x1500.jpg 1129w, https:\/\/www.haus-ferdinand.de\/wp-content\/uploads\/2026\/02\/Haus-Ferdinand-Monschau-Fewo-Zimmer1-006-531x705.jpg 531w, https:\/\/www.haus-ferdinand.de\/wp-content\/uploads\/2026\/02\/Haus-Ferdinand-Monschau-Fewo-Zimmer1-006-scaled.jpg 1928w\" sizes=\"(max-width: 776px) 100vw, 776px\" \/><div class='big-prev-fake'><img decoding=\"async\" loading=\"lazy\" class=\"wp-image-2820 avia-img-lazy-loading-2820\"  width=\"495\" height=\"400\" src=\"https:\/\/www.haus-ferdinand.de\/wp-content\/uploads\/2026\/02\/Haus-Ferdinand-Monschau-Fewo-Zimmer1-006-495x400.jpg\" title='Haus-Ferdinand-Monschau-Fewo-Zimmer1-006' alt='' srcset=\"https:\/\/www.haus-ferdinand.de\/wp-content\/uploads\/2026\/02\/Haus-Ferdinand-Monschau-Fewo-Zimmer1-006-495x400.jpg 495w, https:\/\/www.haus-ferdinand.de\/wp-content\/uploads\/2026\/02\/Haus-Ferdinand-Monschau-Fewo-Zimmer1-006-845x684.jpg 845w\" sizes=\"auto, (max-width: 495px) 100vw, 495px\" \/><\/div><\/a><a href=\"https:\/\/www.haus-ferdinand.de\/wp-content\/uploads\/2026\/02\/Haus-Ferdinand-Monschau-Fewo-Zimmer1-007-1030x776.jpg\" data-srcset=\"https:\/\/www.haus-ferdinand.de\/wp-content\/uploads\/2026\/02\/Haus-Ferdinand-Monschau-Fewo-Zimmer1-007-1030x776.jpg 1030w, https:\/\/www.haus-ferdinand.de\/wp-content\/uploads\/2026\/02\/Haus-Ferdinand-Monschau-Fewo-Zimmer1-007-300x226.jpg 300w, https:\/\/www.haus-ferdinand.de\/wp-content\/uploads\/2026\/02\/Haus-Ferdinand-Monschau-Fewo-Zimmer1-007-768x578.jpg 768w, https:\/\/www.haus-ferdinand.de\/wp-content\/uploads\/2026\/02\/Haus-Ferdinand-Monschau-Fewo-Zimmer1-007-1536x1157.jpg 1536w, https:\/\/www.haus-ferdinand.de\/wp-content\/uploads\/2026\/02\/Haus-Ferdinand-Monschau-Fewo-Zimmer1-007-2048x1542.jpg 2048w, https:\/\/www.haus-ferdinand.de\/wp-content\/uploads\/2026\/02\/Haus-Ferdinand-Monschau-Fewo-Zimmer1-007-1500x1129.jpg 1500w, https:\/\/www.haus-ferdinand.de\/wp-content\/uploads\/2026\/02\/Haus-Ferdinand-Monschau-Fewo-Zimmer1-007-705x531.jpg 705w\" data-sizes=\"(max-width: 1030px) 100vw, 1030px\" data-rel='gallery-1' data-prev-img='https:\/\/www.haus-ferdinand.de\/wp-content\/uploads\/2026\/02\/Haus-Ferdinand-Monschau-Fewo-Zimmer1-007-495x400.jpg' class='lightbox ' data-onclick='7' title='Haus-Ferdinand-Monschau-Fewo-Zimmer1-007'  itemprop=\"thumbnailUrl\"  ><img decoding=\"async\" fetchpriority=\"high\" class=\"wp-image-2821 avia-img-lazy-loading-not-2821\"   src=\"https:\/\/www.haus-ferdinand.de\/wp-content\/uploads\/2026\/02\/Haus-Ferdinand-Monschau-Fewo-Zimmer1-007-1030x776.jpg\" width=\"1030\" height=\"776\"  title='Haus-Ferdinand-Monschau-Fewo-Zimmer1-007' alt='' srcset=\"https:\/\/www.haus-ferdinand.de\/wp-content\/uploads\/2026\/02\/Haus-Ferdinand-Monschau-Fewo-Zimmer1-007-1030x776.jpg 1030w, https:\/\/www.haus-ferdinand.de\/wp-content\/uploads\/2026\/02\/Haus-Ferdinand-Monschau-Fewo-Zimmer1-007-300x226.jpg 300w, https:\/\/www.haus-ferdinand.de\/wp-content\/uploads\/2026\/02\/Haus-Ferdinand-Monschau-Fewo-Zimmer1-007-768x578.jpg 768w, https:\/\/www.haus-ferdinand.de\/wp-content\/uploads\/2026\/02\/Haus-Ferdinand-Monschau-Fewo-Zimmer1-007-1536x1157.jpg 1536w, https:\/\/www.haus-ferdinand.de\/wp-content\/uploads\/2026\/02\/Haus-Ferdinand-Monschau-Fewo-Zimmer1-007-2048x1542.jpg 2048w, https:\/\/www.haus-ferdinand.de\/wp-content\/uploads\/2026\/02\/Haus-Ferdinand-Monschau-Fewo-Zimmer1-007-1500x1129.jpg 1500w, https:\/\/www.haus-ferdinand.de\/wp-content\/uploads\/2026\/02\/Haus-Ferdinand-Monschau-Fewo-Zimmer1-007-705x531.jpg 705w\" sizes=\"(max-width: 1030px) 100vw, 1030px\" \/><div class='big-prev-fake'><img decoding=\"async\" loading=\"lazy\" class=\"wp-image-2821 avia-img-lazy-loading-2821\"  width=\"495\" height=\"400\" src=\"https:\/\/www.haus-ferdinand.de\/wp-content\/uploads\/2026\/02\/Haus-Ferdinand-Monschau-Fewo-Zimmer1-007-495x400.jpg\" title='Haus-Ferdinand-Monschau-Fewo-Zimmer1-007' alt='' srcset=\"https:\/\/www.haus-ferdinand.de\/wp-content\/uploads\/2026\/02\/Haus-Ferdinand-Monschau-Fewo-Zimmer1-007-495x400.jpg 495w, https:\/\/www.haus-ferdinand.de\/wp-content\/uploads\/2026\/02\/Haus-Ferdinand-Monschau-Fewo-Zimmer1-007-845x684.jpg 845w\" sizes=\"auto, (max-width: 495px) 100vw, 495px\" \/><\/div><\/a><a href=\"https:\/\/www.haus-ferdinand.de\/wp-content\/uploads\/2026\/02\/Haus-Ferdinand-Monschau-Fewo-Zimmer1-008-1030x776.jpg\" data-srcset=\"https:\/\/www.haus-ferdinand.de\/wp-content\/uploads\/2026\/02\/Haus-Ferdinand-Monschau-Fewo-Zimmer1-008-1030x776.jpg 1030w, https:\/\/www.haus-ferdinand.de\/wp-content\/uploads\/2026\/02\/Haus-Ferdinand-Monschau-Fewo-Zimmer1-008-300x226.jpg 300w, https:\/\/www.haus-ferdinand.de\/wp-content\/uploads\/2026\/02\/Haus-Ferdinand-Monschau-Fewo-Zimmer1-008-768x578.jpg 768w, https:\/\/www.haus-ferdinand.de\/wp-content\/uploads\/2026\/02\/Haus-Ferdinand-Monschau-Fewo-Zimmer1-008-1536x1157.jpg 1536w, https:\/\/www.haus-ferdinand.de\/wp-content\/uploads\/2026\/02\/Haus-Ferdinand-Monschau-Fewo-Zimmer1-008-2048x1542.jpg 2048w, https:\/\/www.haus-ferdinand.de\/wp-content\/uploads\/2026\/02\/Haus-Ferdinand-Monschau-Fewo-Zimmer1-008-1500x1129.jpg 1500w, https:\/\/www.haus-ferdinand.de\/wp-content\/uploads\/2026\/02\/Haus-Ferdinand-Monschau-Fewo-Zimmer1-008-705x531.jpg 705w\" data-sizes=\"(max-width: 1030px) 100vw, 1030px\" data-rel='gallery-1' data-prev-img='https:\/\/www.haus-ferdinand.de\/wp-content\/uploads\/2026\/02\/Haus-Ferdinand-Monschau-Fewo-Zimmer1-008-495x400.jpg' class='lightbox ' data-onclick='8' title='Haus-Ferdinand-Monschau-Fewo-Zimmer1-008'  itemprop=\"thumbnailUrl\"  ><img decoding=\"async\" fetchpriority=\"high\" class=\"wp-image-2822 avia-img-lazy-loading-not-2822\"   src=\"https:\/\/www.haus-ferdinand.de\/wp-content\/uploads\/2026\/02\/Haus-Ferdinand-Monschau-Fewo-Zimmer1-008-1030x776.jpg\" width=\"1030\" height=\"776\"  title='Haus-Ferdinand-Monschau-Fewo-Zimmer1-008' alt='' srcset=\"https:\/\/www.haus-ferdinand.de\/wp-content\/uploads\/2026\/02\/Haus-Ferdinand-Monschau-Fewo-Zimmer1-008-1030x776.jpg 1030w, https:\/\/www.haus-ferdinand.de\/wp-content\/uploads\/2026\/02\/Haus-Ferdinand-Monschau-Fewo-Zimmer1-008-300x226.jpg 300w, https:\/\/www.haus-ferdinand.de\/wp-content\/uploads\/2026\/02\/Haus-Ferdinand-Monschau-Fewo-Zimmer1-008-768x578.jpg 768w, https:\/\/www.haus-ferdinand.de\/wp-content\/uploads\/2026\/02\/Haus-Ferdinand-Monschau-Fewo-Zimmer1-008-1536x1157.jpg 1536w, https:\/\/www.haus-ferdinand.de\/wp-content\/uploads\/2026\/02\/Haus-Ferdinand-Monschau-Fewo-Zimmer1-008-2048x1542.jpg 2048w, https:\/\/www.haus-ferdinand.de\/wp-content\/uploads\/2026\/02\/Haus-Ferdinand-Monschau-Fewo-Zimmer1-008-1500x1129.jpg 1500w, https:\/\/www.haus-ferdinand.de\/wp-content\/uploads\/2026\/02\/Haus-Ferdinand-Monschau-Fewo-Zimmer1-008-705x531.jpg 705w\" sizes=\"(max-width: 1030px) 100vw, 1030px\" \/><div class='big-prev-fake'><img decoding=\"async\" loading=\"lazy\" class=\"wp-image-2822 avia-img-lazy-loading-2822\"  width=\"495\" height=\"400\" src=\"https:\/\/www.haus-ferdinand.de\/wp-content\/uploads\/2026\/02\/Haus-Ferdinand-Monschau-Fewo-Zimmer1-008-495x400.jpg\" title='Haus-Ferdinand-Monschau-Fewo-Zimmer1-008' alt='' srcset=\"https:\/\/www.haus-ferdinand.de\/wp-content\/uploads\/2026\/02\/Haus-Ferdinand-Monschau-Fewo-Zimmer1-008-495x400.jpg 495w, https:\/\/www.haus-ferdinand.de\/wp-content\/uploads\/2026\/02\/Haus-Ferdinand-Monschau-Fewo-Zimmer1-008-845x684.jpg 845w\" sizes=\"auto, (max-width: 495px) 100vw, 495px\" \/><\/div><\/a><\/div><\/div>\n\n<style type=\"text\/css\" data-created_by=\"avia_inline_auto\" id=\"style-css-av-av_hr-b79a282e2b1f2205f923732dfe2d70a8\">\n#top .hr.av-av_hr-b79a282e2b1f2205f923732dfe2d70a8{\nmargin-top:15px;\nmargin-bottom:15px;\n}\n.hr.av-av_hr-b79a282e2b1f2205f923732dfe2d70a8 .hr-inner{\nwidth:50px;\n}\n<\/style>\n<div  class='hr av-av_hr-b79a282e2b1f2205f923732dfe2d70a8 hr-custom  avia-builder-el-9  el_after_av_gallery  el_before_av_one_full  hr-center hr-icon-no'><span class='hr-inner inner-border-av-border-none'><span class=\"hr-inner-style\"><\/span><\/span><\/div>\n<div  id=\"ZimmerBuchung\"  class='flex_column av-av_one_full-39f6959732b12e4b6354e9d3358c75e2 av_one_full  avia-builder-el-10  el_after_av_hr  el_before_av_heading  first flex_column_div  '     ><\/div>\n<style type=\"text\/css\" data-created_by=\"avia_inline_auto\" id=\"style-css-av-mlyz13zc-0c56b3a0e2d4c8a5265972a18d5db82a\">\n#top .av-special-heading.av-mlyz13zc-0c56b3a0e2d4c8a5265972a18d5db82a{\npadding-bottom:10px;\ncolor:#2b2f5a;\nfont-size:34px;\n}\nbody .av-special-heading.av-mlyz13zc-0c56b3a0e2d4c8a5265972a18d5db82a .av-special-heading-tag .heading-char{\nfont-size:25px;\n}\n#top #wrap_all .av-special-heading.av-mlyz13zc-0c56b3a0e2d4c8a5265972a18d5db82a .av-special-heading-tag{\nfont-size:34px;\n}\n.av-special-heading.av-mlyz13zc-0c56b3a0e2d4c8a5265972a18d5db82a .special-heading-inner-border{\nborder-color:#2b2f5a;\n}\n.av-special-heading.av-mlyz13zc-0c56b3a0e2d4c8a5265972a18d5db82a .av-subheading{\nfont-size:15px;\n}\n\n@media only screen and (min-width: 480px) and (max-width: 767px){ \n#top #wrap_all .av-special-heading.av-mlyz13zc-0c56b3a0e2d4c8a5265972a18d5db82a .av-special-heading-tag{\nfont-size:0.8em;\n}\n}\n\n@media only screen and (max-width: 479px){ \n#top #wrap_all .av-special-heading.av-mlyz13zc-0c56b3a0e2d4c8a5265972a18d5db82a .av-special-heading-tag{\nfont-size:0.8em;\n}\n}\n<\/style>\n<div  class='av-special-heading av-mlyz13zc-0c56b3a0e2d4c8a5265972a18d5db82a av-special-heading-h3 custom-color-heading blockquote modern-quote  avia-builder-el-12  el_after_av_one_full  avia-builder-el-last  av-inherit-size'><h3 class='av-special-heading-tag '  itemprop=\"headline\"  >Voici o\u00f9 se trouve la Haus Ferdinand:<\/h3><div class=\"special-heading-border\"><div class=\"special-heading-inner-border\"><\/div><\/div><\/div>\n<\/div><\/div><\/div><!-- close content main div --><\/div><\/div><div id='after_section_1'  class='main_color av_default_container_wrap container_wrap sidebar_right'  ><div class='container av-section-cont-open' ><div class='template-page content  av-content-small alpha units'><div class='post-entry post-entry-type-page post-entry-2337'><div class='entry-content-wrapper clearfix'>\n<div  class='flex_column av-av_one_full-516b7eac7a9c6cd1b746245801c7486c av_one_full  avia-builder-el-13  el_after_av_section  avia-builder-el-no-sibling  first flex_column_div  '     ><section  id=\"karte\"  class='av_textblock_section av-av_textblock-8d767e15732bef26845cc9db0c24af2b '   itemscope=\"itemscope\" itemtype=\"https:\/\/schema.org\/CreativeWork\" ><div class='avia_textblock'  itemprop=\"text\" ><div class=\"ba_map_holder\" id=\"1173d60d662425cb2568a42ffe718496\" data-map-id=\"498\"><\/div>\n<\/div><\/section><\/div>\n<\/div>\n","protected":false},"excerpt":{"rendered":"","protected":false},"author":1,"featured_media":0,"parent":0,"menu_order":0,"comment_status":"closed","ping_status":"closed","template":"","meta":{"footnotes":""},"class_list":["post-2337","page","type-page","status-publish","hentry"],"_links":{"self":[{"href":"https:\/\/www.haus-ferdinand.de\/fr\/wp-json\/wp\/v2\/pages\/2337","targetHints":{"allow":["GET"]}}],"collection":[{"href":"https:\/\/www.haus-ferdinand.de\/fr\/wp-json\/wp\/v2\/pages"}],"about":[{"href":"https:\/\/www.haus-ferdinand.de\/fr\/wp-json\/wp\/v2\/types\/page"}],"author":[{"embeddable":true,"href":"https:\/\/www.haus-ferdinand.de\/fr\/wp-json\/wp\/v2\/users\/1"}],"replies":[{"embeddable":true,"href":"https:\/\/www.haus-ferdinand.de\/fr\/wp-json\/wp\/v2\/comments?post=2337"}],"version-history":[{"count":9,"href":"https:\/\/www.haus-ferdinand.de\/fr\/wp-json\/wp\/v2\/pages\/2337\/revisions"}],"predecessor-version":[{"id":2826,"href":"https:\/\/www.haus-ferdinand.de\/fr\/wp-json\/wp\/v2\/pages\/2337\/revisions\/2826"}],"wp:attachment":[{"href":"https:\/\/www.haus-ferdinand.de\/fr\/wp-json\/wp\/v2\/media?parent=2337"}],"curies":[{"name":"wp","href":"https:\/\/api.w.org\/{rel}","templated":true}]}}